{"id":1546,"date":"2020-10-28T15:21:30","date_gmt":"2020-10-28T15:21:30","guid":{"rendered":"https:\/\/www.tabula.pt\/site\/?page_id=1546"},"modified":"2022-03-21T17:21:42","modified_gmt":"2022-03-21T17:21:42","slug":"round","status":"publish","type":"page","link":"https:\/\/www.tabula.pt\/site\/round\/","title":{"rendered":"Round"},"content":{"rendered":"\t\t<div data-elementor-type=\"wp-page\" data-elementor-id=\"1546\" class=\"elementor elementor-1546\" data-elementor-post-type=\"page\">\n\t\t\t\t\t\t<section class=\"elementor-section elementor-top-section elementor-element elementor-element-c58e39e elementor-section-boxed elementor-section-height-default elementor-section-height-default\" data-id=\"c58e39e\" data-element_type=\"section\" data-e-type=\"section\">\n\t\t\t\t\t\t<div class=\"elementor-container elementor-column-gap-default\">\n\t\t\t\t\t<div class=\"elementor-column elementor-col-50 elementor-top-column elementor-element elementor-element-b89c37a\" data-id=\"b89c37a\" data-element_type=\"column\" data-e-type=\"column\">\n\t\t\t<div class=\"elementor-widget-wrap elementor-element-populated\">\n\t\t\t\t\t\t<div class=\"elementor-element elementor-element-ae0efe0 elementor-widget elementor-widget-image\" data-id=\"ae0efe0\" data-element_type=\"widget\" data-e-type=\"widget\" data-widget_type=\"image.default\">\n\t\t\t\t<div class=\"elementor-widget-container\">\n\t\t\t\t\t\t\t\t\t\t\t\t<figure class=\"wp-caption\">\n\t\t\t\t\t\t\t\t\t\t<img fetchpriority=\"high\" decoding=\"async\" width=\"1024\" height=\"768\" src=\"https:\/\/www.tabula.pt\/site\/wp-content\/uploads\/2021\/02\/TAB_CL_Mesa-Round_D01-1024x768.jpg\" class=\"attachment-large size-large wp-image-1625\" alt=\"\" srcset=\"https:\/\/www.tabula.pt\/site\/wp-content\/uploads\/2021\/02\/TAB_CL_Mesa-Round_D01-1024x768.jpg 1024w, https:\/\/www.tabula.pt\/site\/wp-content\/uploads\/2021\/02\/TAB_CL_Mesa-Round_D01-600x450.jpg 600w, https:\/\/www.tabula.pt\/site\/wp-content\/uploads\/2021\/02\/TAB_CL_Mesa-Round_D01-300x225.jpg 300w, https:\/\/www.tabula.pt\/site\/wp-content\/uploads\/2021\/02\/TAB_CL_Mesa-Round_D01-768x576.jpg 768w\" sizes=\"(max-width: 1024px) 100vw, 1024px\" \/>\t\t\t\t\t\t\t\t\t\t\t<figcaption class=\"widget-image-caption wp-caption-text\">Nota: Devido a ser fabricado com produtos naturais, as cores dos produtos, podem variar ligeiramente das imagens apresentadas<\/figcaption>\n\t\t\t\t\t\t\t\t\t\t<\/figure>\n\t\t\t\t\t\t\t\t\t<\/div>\n\t\t\t\t<\/div>\n\t\t\t\t\t<\/div>\n\t\t<\/div>\n\t\t\t\t<div class=\"elementor-column elementor-col-50 elementor-top-column elementor-element elementor-element-176a8cd\" data-id=\"176a8cd\" data-element_type=\"column\" data-e-type=\"column\">\n\t\t\t<div class=\"elementor-widget-wrap elementor-element-populated\">\n\t\t\t\t\t\t<div class=\"elementor-element elementor-element-b3f932b elementor-widget elementor-widget-text-editor\" data-id=\"b3f932b\" data-element_type=\"widget\" data-e-type=\"widget\" data-widget_type=\"text-editor.default\">\n\t\t\t\t<div class=\"elementor-widget-container\">\n\t\t\t\t\t\t\t\t\t<p>Mesa extens\u00edvel com p\u00e9s e tampo em madeira.<\/p><p><b>Acabamentos poss\u00edveis:<\/b><\/p><p>Carvalho, Nogueira, lacado mate.\u00a0 \u00a0 \u00a0 \u00a0 \u00a0 \u00a0 \u00a0 \u00a0 \u00a0 \u00a0 \u00a0\u00a0<\/p><p>* Outros acabamentos poss\u00edveis \u2013 sob consulta<\/p><p><b>Medidas:<\/b><\/p><p>\u00d81200 mm (+600)<\/p><p>\u00d81300 mm (+600)<\/p><p>** Outras medidas poss\u00edveis &#8211; sob consulta<\/p>\t\t\t\t\t\t\t\t<\/div>\n\t\t\t\t<\/div>\n\t\t\t\t\t<\/div>\n\t\t<\/div>\n\t\t\t\t\t<\/div>\n\t\t<\/section>\n\t\t\t\t<section class=\"elementor-section elementor-top-section elementor-element elementor-element-d6db08d elementor-section-boxed elementor-section-height-default elementor-section-height-default\" data-id=\"d6db08d\" data-element_type=\"section\" data-e-type=\"section\">\n\t\t\t\t\t\t<div class=\"elementor-container elementor-column-gap-default\">\n\t\t\t\t\t<div class=\"elementor-column elementor-col-100 elementor-top-column elementor-element elementor-element-88f7cc1\" data-id=\"88f7cc1\" data-element_type=\"column\" data-e-type=\"column\">\n\t\t\t<div class=\"elementor-widget-wrap elementor-element-populated\">\n\t\t\t\t\t\t<div class=\"elementor-element elementor-element-1afcf28 elementor-widget elementor-widget-image\" data-id=\"1afcf28\" data-element_type=\"widget\" data-e-type=\"widget\" data-widget_type=\"image.default\">\n\t\t\t\t<div class=\"elementor-widget-container\">\n\t\t\t\t\t\t\t\t\t\t\t\t\t\t\t<img decoding=\"async\" width=\"1024\" height=\"768\" src=\"https:\/\/www.tabula.pt\/site\/wp-content\/uploads\/2020\/06\/TAB_CL_Mesa-Round_01-copia-1024x768.jpg\" class=\"attachment-large size-large wp-image-1215\" alt=\"\" srcset=\"https:\/\/www.tabula.pt\/site\/wp-content\/uploads\/2020\/06\/TAB_CL_Mesa-Round_01-copia-1024x768.jpg 1024w, https:\/\/www.tabula.pt\/site\/wp-content\/uploads\/2020\/06\/TAB_CL_Mesa-Round_01-copia-600x450.jpg 600w, https:\/\/www.tabula.pt\/site\/wp-content\/uploads\/2020\/06\/TAB_CL_Mesa-Round_01-copia-300x225.jpg 300w, https:\/\/www.tabula.pt\/site\/wp-content\/uploads\/2020\/06\/TAB_CL_Mesa-Round_01-copia-768x576.jpg 768w, https:\/\/www.tabula.pt\/site\/wp-content\/uploads\/2020\/06\/TAB_CL_Mesa-Round_01-copia.jpg 1500w\" sizes=\"(max-width: 1024px) 100vw, 1024px\" \/>\t\t\t\t\t\t\t\t\t\t\t\t\t\t\t<\/div>\n\t\t\t\t<\/div>\n\t\t\t\t\t<\/div>\n\t\t<\/div>\n\t\t\t\t\t<\/div>\n\t\t<\/section>\n\t\t\t\t<section class=\"elementor-section elementor-top-section elementor-element elementor-element-31b19ef elementor-section-boxed elementor-section-height-default elementor-section-height-default\" data-id=\"31b19ef\" data-element_type=\"section\" data-e-type=\"section\">\n\t\t\t\t\t\t<div class=\"elementor-container elementor-column-gap-default\">\n\t\t\t\t\t<div class=\"elementor-column elementor-col-100 elementor-top-column elementor-element elementor-element-9fba64f\" data-id=\"9fba64f\" data-element_type=\"column\" data-e-type=\"column\">\n\t\t\t<div class=\"elementor-widget-wrap elementor-element-populated\">\n\t\t\t\t\t\t<div class=\"elementor-element elementor-element-1f42176 elementor-widget elementor-widget-image\" data-id=\"1f42176\" data-element_type=\"widget\" data-e-type=\"widget\" data-widget_type=\"image.default\">\n\t\t\t\t<div class=\"elementor-widget-container\">\n\t\t\t\t\t\t\t\t\t\t\t\t\t\t\t<img decoding=\"async\" width=\"1024\" height=\"819\" src=\"https:\/\/www.tabula.pt\/site\/wp-content\/uploads\/2021\/03\/Bella_Dining-Round-table-oak-1024x819.jpg\" class=\"attachment-large size-large wp-image-1666\" alt=\"\" srcset=\"https:\/\/www.tabula.pt\/site\/wp-content\/uploads\/2021\/03\/Bella_Dining-Round-table-oak-1024x819.jpg 1024w, https:\/\/www.tabula.pt\/site\/wp-content\/uploads\/2021\/03\/Bella_Dining-Round-table-oak-600x480.jpg 600w, https:\/\/www.tabula.pt\/site\/wp-content\/uploads\/2021\/03\/Bella_Dining-Round-table-oak-300x240.jpg 300w, https:\/\/www.tabula.pt\/site\/wp-content\/uploads\/2021\/03\/Bella_Dining-Round-table-oak-768x614.jpg 768w, https:\/\/www.tabula.pt\/site\/wp-content\/uploads\/2021\/03\/Bella_Dining-Round-table-oak.jpg 1500w\" sizes=\"(max-width: 1024px) 100vw, 1024px\" \/>\t\t\t\t\t\t\t\t\t\t\t\t\t\t\t<\/div>\n\t\t\t\t<\/div>\n\t\t\t\t\t<\/div>\n\t\t<\/div>\n\t\t\t\t\t<\/div>\n\t\t<\/section>\n\t\t\t\t<\/div>\n\t\t","protected":false},"excerpt":{"rendered":"<p>Nota: Devido a ser fabricado com produtos naturais, as cores dos produtos, podem variar ligeiramente das imagens apresentadas Mesa extens\u00edvel com p\u00e9s e tampo em madeira. Acabamentos poss\u00edveis: Carvalho, Nogueira, lacado mate.\u00a0 \u00a0 \u00a0 \u00a0 \u00a0 \u00a0 \u00a0 \u00a0 \u00a0 \u00a0 \u00a0\u00a0 * Outros acabamentos poss\u00edveis \u2013 sob consulta Medidas: \u00d81200 mm (+600) \u00d81300 mm &#8230; <a title=\"Round\" class=\"read-more\" href=\"https:\/\/www.tabula.pt\/site\/round\/\" aria-label=\"Leia mais sobre Round\">Ler mais<\/a><\/p>\n","protected":false},"author":1,"featured_media":0,"parent":0,"menu_order":0,"comment_status":"closed","ping_status":"closed","template":"","meta":{"_monsterinsights_skip_tracking":false,"_monsterinsights_sitenote_active":false,"_monsterinsights_sitenote_note":"","_monsterinsights_sitenote_category":0,"footnotes":""},"class_list":["post-1546","page","type-page","status-publish"],"yoast_head":"<!-- This site is optimized with the Yoast SEO plugin v27.1.1 - https:\/\/yoast.com\/product\/yoast-seo-wordpress\/ -->\n<title>Round - T\u00e1bula furniture<\/title>\n<meta name=\"robots\" content=\"index, follow, max-snippet:-1, max-image-preview:large, max-video-preview:-1\" \/>\n<link rel=\"canonical\" href=\"https:\/\/www.tabula.pt\/site\/round\/\" \/>\n<meta property=\"og:locale\" content=\"pt_PT\" \/>\n<meta property=\"og:type\" content=\"article\" \/>\n<meta property=\"og:title\" content=\"Round - T\u00e1bula furniture\" \/>\n<meta property=\"og:description\" content=\"Nota: Devido a ser fabricado com produtos naturais, as cores dos produtos, podem variar ligeiramente das imagens apresentadas Mesa extens\u00edvel com p\u00e9s e tampo em madeira. Acabamentos poss\u00edveis: Carvalho, Nogueira, lacado mate.\u00a0 \u00a0 \u00a0 \u00a0 \u00a0 \u00a0 \u00a0 \u00a0 \u00a0 \u00a0 \u00a0\u00a0 * Outros acabamentos poss\u00edveis \u2013 sob consulta Medidas: \u00d81200 mm (+600) \u00d81300 mm ... Ler mais\" \/>\n<meta property=\"og:url\" content=\"https:\/\/www.tabula.pt\/site\/round\/\" \/>\n<meta property=\"og:site_name\" content=\"T\u00e1bula furniture\" \/>\n<meta property=\"article:publisher\" content=\"https:\/\/www.facebook.com\/tabula.pt\/\" \/>\n<meta property=\"article:modified_time\" content=\"2022-03-21T17:21:42+00:00\" \/>\n<meta property=\"og:image\" content=\"https:\/\/www.tabula.pt\/site\/wp-content\/uploads\/2021\/02\/TAB_CL_Mesa-Round_D01-1024x768.jpg\" \/>\n<meta name=\"twitter:card\" content=\"summary_large_image\" \/>\n<script type=\"application\/ld+json\" class=\"yoast-schema-graph\">{\"@context\":\"https:\/\/schema.org\",\"@graph\":[{\"@type\":\"WebPage\",\"@id\":\"https:\/\/www.tabula.pt\/site\/round\/\",\"url\":\"https:\/\/www.tabula.pt\/site\/round\/\",\"name\":\"Round - T\u00e1bula furniture\",\"isPartOf\":{\"@id\":\"https:\/\/www.tabula.pt\/site\/#website\"},\"primaryImageOfPage\":{\"@id\":\"https:\/\/www.tabula.pt\/site\/round\/#primaryimage\"},\"image\":{\"@id\":\"https:\/\/www.tabula.pt\/site\/round\/#primaryimage\"},\"thumbnailUrl\":\"https:\/\/www.tabula.pt\/site\/wp-content\/uploads\/2021\/02\/TAB_CL_Mesa-Round_D01-1024x768.jpg\",\"datePublished\":\"2020-10-28T15:21:30+00:00\",\"dateModified\":\"2022-03-21T17:21:42+00:00\",\"breadcrumb\":{\"@id\":\"https:\/\/www.tabula.pt\/site\/round\/#breadcrumb\"},\"inLanguage\":\"pt-PT\",\"potentialAction\":[{\"@type\":\"ReadAction\",\"target\":[\"https:\/\/www.tabula.pt\/site\/round\/\"]}]},{\"@type\":\"ImageObject\",\"inLanguage\":\"pt-PT\",\"@id\":\"https:\/\/www.tabula.pt\/site\/round\/#primaryimage\",\"url\":\"https:\/\/www.tabula.pt\/site\/wp-content\/uploads\/2021\/02\/TAB_CL_Mesa-Round_D01-scaled.jpg\",\"contentUrl\":\"https:\/\/www.tabula.pt\/site\/wp-content\/uploads\/2021\/02\/TAB_CL_Mesa-Round_D01-scaled.jpg\",\"width\":2560,\"height\":1920},{\"@type\":\"BreadcrumbList\",\"@id\":\"https:\/\/www.tabula.pt\/site\/round\/#breadcrumb\",\"itemListElement\":[{\"@type\":\"ListItem\",\"position\":1,\"name\":\"In\u00edcio\",\"item\":\"https:\/\/www.tabula.pt\/site\/\"},{\"@type\":\"ListItem\",\"position\":2,\"name\":\"Round\"}]},{\"@type\":\"WebSite\",\"@id\":\"https:\/\/www.tabula.pt\/site\/#website\",\"url\":\"https:\/\/www.tabula.pt\/site\/\",\"name\":\"T\u00e1bula furniture\",\"description\":\"Mobili\u00e1rio e projetos \u00e0 medida\",\"publisher\":{\"@id\":\"https:\/\/www.tabula.pt\/site\/#organization\"},\"potentialAction\":[{\"@type\":\"SearchAction\",\"target\":{\"@type\":\"EntryPoint\",\"urlTemplate\":\"https:\/\/www.tabula.pt\/site\/?s={search_term_string}\"},\"query-input\":{\"@type\":\"PropertyValueSpecification\",\"valueRequired\":true,\"valueName\":\"search_term_string\"}}],\"inLanguage\":\"pt-PT\"},{\"@type\":\"Organization\",\"@id\":\"https:\/\/www.tabula.pt\/site\/#organization\",\"name\":\"T\u00e1bula\",\"url\":\"https:\/\/www.tabula.pt\/site\/\",\"logo\":{\"@type\":\"ImageObject\",\"inLanguage\":\"pt-PT\",\"@id\":\"https:\/\/www.tabula.pt\/site\/#\/schema\/logo\/image\/\",\"url\":\"https:\/\/www.tabula.pt\/site\/wp-content\/uploads\/2019\/12\/t\u00e1bula-logo_peq_fb-e1576075812445.png\",\"contentUrl\":\"https:\/\/www.tabula.pt\/site\/wp-content\/uploads\/2019\/12\/t\u00e1bula-logo_peq_fb-e1576075812445.png\",\"width\":100,\"height\":73,\"caption\":\"T\u00e1bula\"},\"image\":{\"@id\":\"https:\/\/www.tabula.pt\/site\/#\/schema\/logo\/image\/\"},\"sameAs\":[\"https:\/\/www.facebook.com\/tabula.pt\/\",\"https:\/\/www.instagram.com\/tabula_furniture\/\"]}]}<\/script>\n<!-- \/ Yoast SEO plugin. -->","yoast_head_json":{"title":"Round - T\u00e1bula furniture","robots":{"index":"index","follow":"follow","max-snippet":"max-snippet:-1","max-image-preview":"max-image-preview:large","max-video-preview":"max-video-preview:-1"},"canonical":"https:\/\/www.tabula.pt\/site\/round\/","og_locale":"pt_PT","og_type":"article","og_title":"Round - T\u00e1bula furniture","og_description":"Nota: Devido a ser fabricado com produtos naturais, as cores dos produtos, podem variar ligeiramente das imagens apresentadas Mesa extens\u00edvel com p\u00e9s e tampo em madeira. Acabamentos poss\u00edveis: Carvalho, Nogueira, lacado mate.\u00a0 \u00a0 \u00a0 \u00a0 \u00a0 \u00a0 \u00a0 \u00a0 \u00a0 \u00a0 \u00a0\u00a0 * Outros acabamentos poss\u00edveis \u2013 sob consulta Medidas: \u00d81200 mm (+600) \u00d81300 mm ... Ler mais","og_url":"https:\/\/www.tabula.pt\/site\/round\/","og_site_name":"T\u00e1bula furniture","article_publisher":"https:\/\/www.facebook.com\/tabula.pt\/","article_modified_time":"2022-03-21T17:21:42+00:00","og_image":[{"url":"https:\/\/www.tabula.pt\/site\/wp-content\/uploads\/2021\/02\/TAB_CL_Mesa-Round_D01-1024x768.jpg","type":"","width":"","height":""}],"twitter_card":"summary_large_image","schema":{"@context":"https:\/\/schema.org","@graph":[{"@type":"WebPage","@id":"https:\/\/www.tabula.pt\/site\/round\/","url":"https:\/\/www.tabula.pt\/site\/round\/","name":"Round - T\u00e1bula furniture","isPartOf":{"@id":"https:\/\/www.tabula.pt\/site\/#website"},"primaryImageOfPage":{"@id":"https:\/\/www.tabula.pt\/site\/round\/#primaryimage"},"image":{"@id":"https:\/\/www.tabula.pt\/site\/round\/#primaryimage"},"thumbnailUrl":"https:\/\/www.tabula.pt\/site\/wp-content\/uploads\/2021\/02\/TAB_CL_Mesa-Round_D01-1024x768.jpg","datePublished":"2020-10-28T15:21:30+00:00","dateModified":"2022-03-21T17:21:42+00:00","breadcrumb":{"@id":"https:\/\/www.tabula.pt\/site\/round\/#breadcrumb"},"inLanguage":"pt-PT","potentialAction":[{"@type":"ReadAction","target":["https:\/\/www.tabula.pt\/site\/round\/"]}]},{"@type":"ImageObject","inLanguage":"pt-PT","@id":"https:\/\/www.tabula.pt\/site\/round\/#primaryimage","url":"https:\/\/www.tabula.pt\/site\/wp-content\/uploads\/2021\/02\/TAB_CL_Mesa-Round_D01-scaled.jpg","contentUrl":"https:\/\/www.tabula.pt\/site\/wp-content\/uploads\/2021\/02\/TAB_CL_Mesa-Round_D01-scaled.jpg","width":2560,"height":1920},{"@type":"BreadcrumbList","@id":"https:\/\/www.tabula.pt\/site\/round\/#breadcrumb","itemListElement":[{"@type":"ListItem","position":1,"name":"In\u00edcio","item":"https:\/\/www.tabula.pt\/site\/"},{"@type":"ListItem","position":2,"name":"Round"}]},{"@type":"WebSite","@id":"https:\/\/www.tabula.pt\/site\/#website","url":"https:\/\/www.tabula.pt\/site\/","name":"T\u00e1bula furniture","description":"Mobili\u00e1rio e projetos \u00e0 medida","publisher":{"@id":"https:\/\/www.tabula.pt\/site\/#organization"},"potentialAction":[{"@type":"SearchAction","target":{"@type":"EntryPoint","urlTemplate":"https:\/\/www.tabula.pt\/site\/?s={search_term_string}"},"query-input":{"@type":"PropertyValueSpecification","valueRequired":true,"valueName":"search_term_string"}}],"inLanguage":"pt-PT"},{"@type":"Organization","@id":"https:\/\/www.tabula.pt\/site\/#organization","name":"T\u00e1bula","url":"https:\/\/www.tabula.pt\/site\/","logo":{"@type":"ImageObject","inLanguage":"pt-PT","@id":"https:\/\/www.tabula.pt\/site\/#\/schema\/logo\/image\/","url":"https:\/\/www.tabula.pt\/site\/wp-content\/uploads\/2019\/12\/t\u00e1bula-logo_peq_fb-e1576075812445.png","contentUrl":"https:\/\/www.tabula.pt\/site\/wp-content\/uploads\/2019\/12\/t\u00e1bula-logo_peq_fb-e1576075812445.png","width":100,"height":73,"caption":"T\u00e1bula"},"image":{"@id":"https:\/\/www.tabula.pt\/site\/#\/schema\/logo\/image\/"},"sameAs":["https:\/\/www.facebook.com\/tabula.pt\/","https:\/\/www.instagram.com\/tabula_furniture\/"]}]}},"_links":{"self":[{"href":"https:\/\/www.tabula.pt\/site\/wp-json\/wp\/v2\/pages\/1546","targetHints":{"allow":["GET"]}}],"collection":[{"href":"https:\/\/www.tabula.pt\/site\/wp-json\/wp\/v2\/pages"}],"about":[{"href":"https:\/\/www.tabula.pt\/site\/wp-json\/wp\/v2\/types\/page"}],"author":[{"embeddable":true,"href":"https:\/\/www.tabula.pt\/site\/wp-json\/wp\/v2\/users\/1"}],"replies":[{"embeddable":true,"href":"https:\/\/www.tabula.pt\/site\/wp-json\/wp\/v2\/comments?post=1546"}],"version-history":[{"count":9,"href":"https:\/\/www.tabula.pt\/site\/wp-json\/wp\/v2\/pages\/1546\/revisions"}],"predecessor-version":[{"id":2325,"href":"https:\/\/www.tabula.pt\/site\/wp-json\/wp\/v2\/pages\/1546\/revisions\/2325"}],"wp:attachment":[{"href":"https:\/\/www.tabula.pt\/site\/wp-json\/wp\/v2\/media?parent=1546"}],"curies":[{"name":"wp","href":"https:\/\/api.w.org\/{rel}","templated":true}]}}