{"id":211,"date":"2019-12-30T14:55:54","date_gmt":"2019-12-30T14:55:54","guid":{"rendered":"https:\/\/www.tabula.pt\/site\/?page_id=211"},"modified":"2022-03-21T17:18:41","modified_gmt":"2022-03-21T17:18:41","slug":"cita-iii","status":"publish","type":"page","link":"https:\/\/www.tabula.pt\/site\/cita-iii\/","title":{"rendered":"Cit\u00e1 III"},"content":{"rendered":"\t\t<div data-elementor-type=\"wp-page\" data-elementor-id=\"211\" class=\"elementor elementor-211\" data-elementor-post-type=\"page\">\n\t\t\t\t\t\t<section class=\"elementor-section elementor-top-section elementor-element elementor-element-65fbfb0 elementor-section-boxed elementor-section-height-default elementor-section-height-default\" data-id=\"65fbfb0\" data-element_type=\"section\" data-e-type=\"section\">\n\t\t\t\t\t\t<div class=\"elementor-container elementor-column-gap-default\">\n\t\t\t\t\t<div class=\"elementor-column elementor-col-50 elementor-top-column elementor-element elementor-element-888a8fe\" data-id=\"888a8fe\" data-element_type=\"column\" data-e-type=\"column\">\n\t\t\t<div class=\"elementor-widget-wrap elementor-element-populated\">\n\t\t\t\t\t\t<div class=\"elementor-element elementor-element-73a8e9e elementor-widget elementor-widget-image\" data-id=\"73a8e9e\" data-element_type=\"widget\" data-e-type=\"widget\" data-widget_type=\"image.default\">\n\t\t\t\t<div class=\"elementor-widget-container\">\n\t\t\t\t\t\t\t\t\t\t\t\t<figure class=\"wp-caption\">\n\t\t\t\t\t\t\t\t\t\t<img fetchpriority=\"high\" decoding=\"async\" width=\"1024\" height=\"655\" src=\"https:\/\/www.tabula.pt\/site\/wp-content\/uploads\/2020\/01\/MESA-CIT\u00c1-II_Easy-Resize.com_-1024x655.jpg\" class=\"attachment-large size-large wp-image-349\" alt=\"\" srcset=\"https:\/\/www.tabula.pt\/site\/wp-content\/uploads\/2020\/01\/MESA-CIT\u00c1-II_Easy-Resize.com_-1024x655.jpg 1024w, https:\/\/www.tabula.pt\/site\/wp-content\/uploads\/2020\/01\/MESA-CIT\u00c1-II_Easy-Resize.com_-600x384.jpg 600w, https:\/\/www.tabula.pt\/site\/wp-content\/uploads\/2020\/01\/MESA-CIT\u00c1-II_Easy-Resize.com_-300x192.jpg 300w, https:\/\/www.tabula.pt\/site\/wp-content\/uploads\/2020\/01\/MESA-CIT\u00c1-II_Easy-Resize.com_-768x491.jpg 768w, https:\/\/www.tabula.pt\/site\/wp-content\/uploads\/2020\/01\/MESA-CIT\u00c1-II_Easy-Resize.com_.jpg 1280w\" sizes=\"(max-width: 1024px) 100vw, 1024px\" \/>\t\t\t\t\t\t\t\t\t\t\t<figcaption class=\"widget-image-caption wp-caption-text\">Nota: Devido a ser fabricado com produtos naturais, as cores dos produtos, podem variar ligeiramente das imagens apresentadas<\/figcaption>\n\t\t\t\t\t\t\t\t\t\t<\/figure>\n\t\t\t\t\t\t\t\t\t<\/div>\n\t\t\t\t<\/div>\n\t\t\t\t\t<\/div>\n\t\t<\/div>\n\t\t\t\t<div class=\"elementor-column elementor-col-50 elementor-top-column elementor-element elementor-element-bf1344a\" data-id=\"bf1344a\" data-element_type=\"column\" data-e-type=\"column\">\n\t\t\t<div class=\"elementor-widget-wrap elementor-element-populated\">\n\t\t\t\t\t\t<div class=\"elementor-element elementor-element-3c8b341 elementor-widget elementor-widget-text-editor\" data-id=\"3c8b341\" data-element_type=\"widget\" data-e-type=\"widget\" data-widget_type=\"text-editor.default\">\n\t\t\t\t<div class=\"elementor-widget-container\">\n\t\t\t\t\t\t\t\t\t<p>Mesa extens\u00edvel com p\u00e9s em madeira e tampo em madeira.<\/p><p><span style=\"font-weight: bold;\">Acabamentos poss\u00edveis<\/span>:<\/p><p>Carvalho, Nogueira, lacado mate.\u00a0 \u00a0 \u00a0 \u00a0 \u00a0 \u00a0 \u00a0 \u00a0 \u00a0 \u00a0 \u00a0\u00a0<\/p><p>* Outros acabamentos poss\u00edveis &#8211; sob consulta<\/p><p>** Possibilidade de tampo em cer\u00e2mica<\/p><p><span style=\"font-weight: bold;\">Medidas<\/span>:<\/p><ul><li>1200 (+500) x 900<\/li><li>1400 (+600) x 900<\/li><li>1600 (+800) x 900 ou 1600\u00a0 (400 + 400) x 900<\/li><li>1800 (+800) x 990 ou 1800 (+450 +450 ) x 900<\/li><li>2000 (+800) x 990 ou 2000 (+450 +450) x 990<\/li><\/ul><p>* Outras medidas poss\u00edveis &#8211; sob consulta<\/p>\t\t\t\t\t\t\t\t<\/div>\n\t\t\t\t<\/div>\n\t\t\t\t\t<\/div>\n\t\t<\/div>\n\t\t\t\t\t<\/div>\n\t\t<\/section>\n\t\t\t\t<section class=\"elementor-section elementor-top-section elementor-element elementor-element-bdf19fd elementor-section-boxed elementor-section-height-default elementor-section-height-default\" data-id=\"bdf19fd\" data-element_type=\"section\" data-e-type=\"section\">\n\t\t\t\t\t\t<div class=\"elementor-container elementor-column-gap-default\">\n\t\t\t\t\t<div class=\"elementor-column elementor-col-50 elementor-top-column elementor-element elementor-element-eada143\" data-id=\"eada143\" data-element_type=\"column\" data-e-type=\"column\">\n\t\t\t<div class=\"elementor-widget-wrap elementor-element-populated\">\n\t\t\t\t\t\t<div class=\"elementor-element elementor-element-d07e4d5 elementor-widget elementor-widget-image\" data-id=\"d07e4d5\" data-element_type=\"widget\" data-e-type=\"widget\" data-widget_type=\"image.default\">\n\t\t\t\t<div class=\"elementor-widget-container\">\n\t\t\t\t\t\t\t\t\t\t\t\t\t\t\t<img decoding=\"async\" width=\"1024\" height=\"659\" src=\"https:\/\/www.tabula.pt\/site\/wp-content\/uploads\/2019\/12\/Cit\u00e1-II_Easy-Resize.com_-1024x659.jpg\" class=\"attachment-large size-large wp-image-20\" alt=\"\" srcset=\"https:\/\/www.tabula.pt\/site\/wp-content\/uploads\/2019\/12\/Cit\u00e1-II_Easy-Resize.com_-1024x659.jpg 1024w, https:\/\/www.tabula.pt\/site\/wp-content\/uploads\/2019\/12\/Cit\u00e1-II_Easy-Resize.com_-600x386.jpg 600w, https:\/\/www.tabula.pt\/site\/wp-content\/uploads\/2019\/12\/Cit\u00e1-II_Easy-Resize.com_-300x193.jpg 300w, https:\/\/www.tabula.pt\/site\/wp-content\/uploads\/2019\/12\/Cit\u00e1-II_Easy-Resize.com_-768x494.jpg 768w, https:\/\/www.tabula.pt\/site\/wp-content\/uploads\/2019\/12\/Cit\u00e1-II_Easy-Resize.com_-830x534.jpg 830w, https:\/\/www.tabula.pt\/site\/wp-content\/uploads\/2019\/12\/Cit\u00e1-II_Easy-Resize.com_-230x148.jpg 230w, https:\/\/www.tabula.pt\/site\/wp-content\/uploads\/2019\/12\/Cit\u00e1-II_Easy-Resize.com_.jpg 1280w\" sizes=\"(max-width: 1024px) 100vw, 1024px\" \/>\t\t\t\t\t\t\t\t\t\t\t\t\t\t\t<\/div>\n\t\t\t\t<\/div>\n\t\t\t\t\t<\/div>\n\t\t<\/div>\n\t\t\t\t<div class=\"elementor-column elementor-col-50 elementor-top-column elementor-element elementor-element-9357dd8\" data-id=\"9357dd8\" data-element_type=\"column\" data-e-type=\"column\">\n\t\t\t<div class=\"elementor-widget-wrap elementor-element-populated\">\n\t\t\t\t\t\t<div class=\"elementor-element elementor-element-9386d90 elementor-widget elementor-widget-image\" data-id=\"9386d90\" data-element_type=\"widget\" data-e-type=\"widget\" data-widget_type=\"image.default\">\n\t\t\t\t<div class=\"elementor-widget-container\">\n\t\t\t\t\t\t\t\t\t\t\t\t\t\t\t<img decoding=\"async\" width=\"1024\" height=\"444\" src=\"https:\/\/www.tabula.pt\/site\/wp-content\/uploads\/2019\/12\/Cit\u00e1-II_ab_Easy-Resize.com_-1024x444.jpg\" class=\"attachment-large size-large wp-image-21\" alt=\"\" srcset=\"https:\/\/www.tabula.pt\/site\/wp-content\/uploads\/2019\/12\/Cit\u00e1-II_ab_Easy-Resize.com_-1024x444.jpg 1024w, https:\/\/www.tabula.pt\/site\/wp-content\/uploads\/2019\/12\/Cit\u00e1-II_ab_Easy-Resize.com_-600x260.jpg 600w, https:\/\/www.tabula.pt\/site\/wp-content\/uploads\/2019\/12\/Cit\u00e1-II_ab_Easy-Resize.com_-300x130.jpg 300w, https:\/\/www.tabula.pt\/site\/wp-content\/uploads\/2019\/12\/Cit\u00e1-II_ab_Easy-Resize.com_-768x333.jpg 768w, https:\/\/www.tabula.pt\/site\/wp-content\/uploads\/2019\/12\/Cit\u00e1-II_ab_Easy-Resize.com_-830x360.jpg 830w, https:\/\/www.tabula.pt\/site\/wp-content\/uploads\/2019\/12\/Cit\u00e1-II_ab_Easy-Resize.com_-230x100.jpg 230w, https:\/\/www.tabula.pt\/site\/wp-content\/uploads\/2019\/12\/Cit\u00e1-II_ab_Easy-Resize.com_.jpg 1280w\" sizes=\"(max-width: 1024px) 100vw, 1024px\" \/>\t\t\t\t\t\t\t\t\t\t\t\t\t\t\t<\/div>\n\t\t\t\t<\/div>\n\t\t\t\t\t<\/div>\n\t\t<\/div>\n\t\t\t\t\t<\/div>\n\t\t<\/section>\n\t\t\t\t<\/div>\n\t\t","protected":false},"excerpt":{"rendered":"<p>Nota: Devido a ser fabricado com produtos naturais, as cores dos produtos, podem variar ligeiramente das imagens apresentadas Mesa extens\u00edvel com p\u00e9s em madeira e tampo em madeira. Acabamentos poss\u00edveis: Carvalho, Nogueira, lacado mate.\u00a0 \u00a0 \u00a0 \u00a0 \u00a0 \u00a0 \u00a0 \u00a0 \u00a0 \u00a0 \u00a0\u00a0 * Outros acabamentos poss\u00edveis &#8211; sob consulta ** Possibilidade de tampo &#8230; <a title=\"Cit\u00e1 III\" class=\"read-more\" href=\"https:\/\/www.tabula.pt\/site\/cita-iii\/\" aria-label=\"Leia mais sobre Cit\u00e1 III\">Ler mais<\/a><\/p>\n","protected":false},"author":1,"featured_media":0,"parent":0,"menu_order":0,"comment_status":"closed","ping_status":"closed","template":"","meta":{"_monsterinsights_skip_tracking":false,"_monsterinsights_sitenote_active":false,"_monsterinsights_sitenote_note":"","_monsterinsights_sitenote_category":0,"footnotes":""},"class_list":["post-211","page","type-page","status-publish"],"yoast_head":"<!-- This site is optimized with the Yoast SEO plugin v27.1.1 - https:\/\/yoast.com\/product\/yoast-seo-wordpress\/ -->\n<title>Cit\u00e1 III - T\u00e1bula furniture<\/title>\n<meta name=\"robots\" content=\"index, follow, max-snippet:-1, max-image-preview:large, max-video-preview:-1\" \/>\n<link rel=\"canonical\" href=\"https:\/\/www.tabula.pt\/site\/cita-iii\/\" \/>\n<meta property=\"og:locale\" content=\"pt_PT\" \/>\n<meta property=\"og:type\" content=\"article\" \/>\n<meta property=\"og:title\" content=\"Cit\u00e1 III - T\u00e1bula furniture\" \/>\n<meta property=\"og:description\" content=\"Nota: Devido a ser fabricado com produtos naturais, as cores dos produtos, podem variar ligeiramente das imagens apresentadas Mesa extens\u00edvel com p\u00e9s em madeira e tampo em madeira. Acabamentos poss\u00edveis: Carvalho, Nogueira, lacado mate.\u00a0 \u00a0 \u00a0 \u00a0 \u00a0 \u00a0 \u00a0 \u00a0 \u00a0 \u00a0 \u00a0\u00a0 * Outros acabamentos poss\u00edveis &#8211; sob consulta ** Possibilidade de tampo ... Ler mais\" \/>\n<meta property=\"og:url\" content=\"https:\/\/www.tabula.pt\/site\/cita-iii\/\" \/>\n<meta property=\"og:site_name\" content=\"T\u00e1bula furniture\" \/>\n<meta property=\"article:publisher\" content=\"https:\/\/www.facebook.com\/tabula.pt\/\" \/>\n<meta property=\"article:modified_time\" content=\"2022-03-21T17:18:41+00:00\" \/>\n<meta name=\"twitter:card\" content=\"summary_large_image\" \/>\n<script type=\"application\/ld+json\" class=\"yoast-schema-graph\">{\"@context\":\"https:\/\/schema.org\",\"@graph\":[{\"@type\":\"WebPage\",\"@id\":\"https:\/\/www.tabula.pt\/site\/cita-iii\/\",\"url\":\"https:\/\/www.tabula.pt\/site\/cita-iii\/\",\"name\":\"Cit\u00e1 III - T\u00e1bula furniture\",\"isPartOf\":{\"@id\":\"https:\/\/www.tabula.pt\/site\/#website\"},\"datePublished\":\"2019-12-30T14:55:54+00:00\",\"dateModified\":\"2022-03-21T17:18:41+00:00\",\"breadcrumb\":{\"@id\":\"https:\/\/www.tabula.pt\/site\/cita-iii\/#breadcrumb\"},\"inLanguage\":\"pt-PT\",\"potentialAction\":[{\"@type\":\"ReadAction\",\"target\":[\"https:\/\/www.tabula.pt\/site\/cita-iii\/\"]}]},{\"@type\":\"BreadcrumbList\",\"@id\":\"https:\/\/www.tabula.pt\/site\/cita-iii\/#breadcrumb\",\"itemListElement\":[{\"@type\":\"ListItem\",\"position\":1,\"name\":\"In\u00edcio\",\"item\":\"https:\/\/www.tabula.pt\/site\/\"},{\"@type\":\"ListItem\",\"position\":2,\"name\":\"Cit\u00e1 III\"}]},{\"@type\":\"WebSite\",\"@id\":\"https:\/\/www.tabula.pt\/site\/#website\",\"url\":\"https:\/\/www.tabula.pt\/site\/\",\"name\":\"T\u00e1bula furniture\",\"description\":\"Mobili\u00e1rio e projetos \u00e0 medida\",\"publisher\":{\"@id\":\"https:\/\/www.tabula.pt\/site\/#organization\"},\"potentialAction\":[{\"@type\":\"SearchAction\",\"target\":{\"@type\":\"EntryPoint\",\"urlTemplate\":\"https:\/\/www.tabula.pt\/site\/?s={search_term_string}\"},\"query-input\":{\"@type\":\"PropertyValueSpecification\",\"valueRequired\":true,\"valueName\":\"search_term_string\"}}],\"inLanguage\":\"pt-PT\"},{\"@type\":\"Organization\",\"@id\":\"https:\/\/www.tabula.pt\/site\/#organization\",\"name\":\"T\u00e1bula\",\"url\":\"https:\/\/www.tabula.pt\/site\/\",\"logo\":{\"@type\":\"ImageObject\",\"inLanguage\":\"pt-PT\",\"@id\":\"https:\/\/www.tabula.pt\/site\/#\/schema\/logo\/image\/\",\"url\":\"https:\/\/www.tabula.pt\/site\/wp-content\/uploads\/2019\/12\/t\u00e1bula-logo_peq_fb-e1576075812445.png\",\"contentUrl\":\"https:\/\/www.tabula.pt\/site\/wp-content\/uploads\/2019\/12\/t\u00e1bula-logo_peq_fb-e1576075812445.png\",\"width\":100,\"height\":73,\"caption\":\"T\u00e1bula\"},\"image\":{\"@id\":\"https:\/\/www.tabula.pt\/site\/#\/schema\/logo\/image\/\"},\"sameAs\":[\"https:\/\/www.facebook.com\/tabula.pt\/\",\"https:\/\/www.instagram.com\/tabula_furniture\/\"]}]}<\/script>\n<!-- \/ Yoast SEO plugin. -->","yoast_head_json":{"title":"Cit\u00e1 III - T\u00e1bula furniture","robots":{"index":"index","follow":"follow","max-snippet":"max-snippet:-1","max-image-preview":"max-image-preview:large","max-video-preview":"max-video-preview:-1"},"canonical":"https:\/\/www.tabula.pt\/site\/cita-iii\/","og_locale":"pt_PT","og_type":"article","og_title":"Cit\u00e1 III - T\u00e1bula furniture","og_description":"Nota: Devido a ser fabricado com produtos naturais, as cores dos produtos, podem variar ligeiramente das imagens apresentadas Mesa extens\u00edvel com p\u00e9s em madeira e tampo em madeira. Acabamentos poss\u00edveis: Carvalho, Nogueira, lacado mate.\u00a0 \u00a0 \u00a0 \u00a0 \u00a0 \u00a0 \u00a0 \u00a0 \u00a0 \u00a0 \u00a0\u00a0 * Outros acabamentos poss\u00edveis &#8211; sob consulta ** Possibilidade de tampo ... Ler mais","og_url":"https:\/\/www.tabula.pt\/site\/cita-iii\/","og_site_name":"T\u00e1bula furniture","article_publisher":"https:\/\/www.facebook.com\/tabula.pt\/","article_modified_time":"2022-03-21T17:18:41+00:00","twitter_card":"summary_large_image","schema":{"@context":"https:\/\/schema.org","@graph":[{"@type":"WebPage","@id":"https:\/\/www.tabula.pt\/site\/cita-iii\/","url":"https:\/\/www.tabula.pt\/site\/cita-iii\/","name":"Cit\u00e1 III - T\u00e1bula furniture","isPartOf":{"@id":"https:\/\/www.tabula.pt\/site\/#website"},"datePublished":"2019-12-30T14:55:54+00:00","dateModified":"2022-03-21T17:18:41+00:00","breadcrumb":{"@id":"https:\/\/www.tabula.pt\/site\/cita-iii\/#breadcrumb"},"inLanguage":"pt-PT","potentialAction":[{"@type":"ReadAction","target":["https:\/\/www.tabula.pt\/site\/cita-iii\/"]}]},{"@type":"BreadcrumbList","@id":"https:\/\/www.tabula.pt\/site\/cita-iii\/#breadcrumb","itemListElement":[{"@type":"ListItem","position":1,"name":"In\u00edcio","item":"https:\/\/www.tabula.pt\/site\/"},{"@type":"ListItem","position":2,"name":"Cit\u00e1 III"}]},{"@type":"WebSite","@id":"https:\/\/www.tabula.pt\/site\/#website","url":"https:\/\/www.tabula.pt\/site\/","name":"T\u00e1bula furniture","description":"Mobili\u00e1rio e projetos \u00e0 medida","publisher":{"@id":"https:\/\/www.tabula.pt\/site\/#organization"},"potentialAction":[{"@type":"SearchAction","target":{"@type":"EntryPoint","urlTemplate":"https:\/\/www.tabula.pt\/site\/?s={search_term_string}"},"query-input":{"@type":"PropertyValueSpecification","valueRequired":true,"valueName":"search_term_string"}}],"inLanguage":"pt-PT"},{"@type":"Organization","@id":"https:\/\/www.tabula.pt\/site\/#organization","name":"T\u00e1bula","url":"https:\/\/www.tabula.pt\/site\/","logo":{"@type":"ImageObject","inLanguage":"pt-PT","@id":"https:\/\/www.tabula.pt\/site\/#\/schema\/logo\/image\/","url":"https:\/\/www.tabula.pt\/site\/wp-content\/uploads\/2019\/12\/t\u00e1bula-logo_peq_fb-e1576075812445.png","contentUrl":"https:\/\/www.tabula.pt\/site\/wp-content\/uploads\/2019\/12\/t\u00e1bula-logo_peq_fb-e1576075812445.png","width":100,"height":73,"caption":"T\u00e1bula"},"image":{"@id":"https:\/\/www.tabula.pt\/site\/#\/schema\/logo\/image\/"},"sameAs":["https:\/\/www.facebook.com\/tabula.pt\/","https:\/\/www.instagram.com\/tabula_furniture\/"]}]}},"_links":{"self":[{"href":"https:\/\/www.tabula.pt\/site\/wp-json\/wp\/v2\/pages\/211","targetHints":{"allow":["GET"]}}],"collection":[{"href":"https:\/\/www.tabula.pt\/site\/wp-json\/wp\/v2\/pages"}],"about":[{"href":"https:\/\/www.tabula.pt\/site\/wp-json\/wp\/v2\/types\/page"}],"author":[{"embeddable":true,"href":"https:\/\/www.tabula.pt\/site\/wp-json\/wp\/v2\/users\/1"}],"replies":[{"embeddable":true,"href":"https:\/\/www.tabula.pt\/site\/wp-json\/wp\/v2\/comments?post=211"}],"version-history":[{"count":11,"href":"https:\/\/www.tabula.pt\/site\/wp-json\/wp\/v2\/pages\/211\/revisions"}],"predecessor-version":[{"id":2317,"href":"https:\/\/www.tabula.pt\/site\/wp-json\/wp\/v2\/pages\/211\/revisions\/2317"}],"wp:attachment":[{"href":"https:\/\/www.tabula.pt\/site\/wp-json\/wp\/v2\/media?parent=211"}],"curies":[{"name":"wp","href":"https:\/\/api.w.org\/{rel}","templated":true}]}}