{"id":2138,"date":"2021-09-15T14:20:08","date_gmt":"2021-09-15T14:20:08","guid":{"rendered":"https:\/\/www.tabula.pt\/site\/?page_id=2138"},"modified":"2022-03-28T11:07:39","modified_gmt":"2022-03-28T11:07:39","slug":"ronde-table","status":"publish","type":"page","link":"https:\/\/www.tabula.pt\/site\/ronde-table\/","title":{"rendered":"Ronde Table"},"content":{"rendered":"\t\t<div data-elementor-type=\"wp-page\" data-elementor-id=\"2138\" class=\"elementor elementor-2138\" data-elementor-post-type=\"page\">\n\t\t\t\t\t\t<section class=\"elementor-section elementor-top-section elementor-element elementor-element-5aee631 elementor-section-boxed elementor-section-height-default elementor-section-height-default\" data-id=\"5aee631\" data-element_type=\"section\" data-e-type=\"section\">\n\t\t\t\t\t\t<div class=\"elementor-container elementor-column-gap-default\">\n\t\t\t\t\t<div class=\"elementor-column elementor-col-50 elementor-top-column elementor-element elementor-element-7e00f72\" data-id=\"7e00f72\" data-element_type=\"column\" data-e-type=\"column\">\n\t\t\t<div class=\"elementor-widget-wrap elementor-element-populated\">\n\t\t\t\t\t\t<div class=\"elementor-element elementor-element-7962b04 elementor-widget elementor-widget-image\" data-id=\"7962b04\" data-element_type=\"widget\" data-e-type=\"widget\" data-widget_type=\"image.default\">\n\t\t\t\t<div class=\"elementor-widget-container\">\n\t\t\t\t\t\t\t\t\t\t\t\t<figure class=\"wp-caption\">\n\t\t\t\t\t\t\t\t\t\t<img fetchpriority=\"high\" decoding=\"async\" width=\"925\" height=\"1024\" src=\"https:\/\/www.tabula.pt\/site\/wp-content\/uploads\/2021\/09\/julie-round-e1631194088647-925x1024.jpeg\" class=\"attachment-large size-large wp-image-2090\" alt=\"\" srcset=\"https:\/\/www.tabula.pt\/site\/wp-content\/uploads\/2021\/09\/julie-round-e1631194088647-925x1024.jpeg 925w, https:\/\/www.tabula.pt\/site\/wp-content\/uploads\/2021\/09\/julie-round-e1631194088647-scaled-600x664.jpeg 600w, https:\/\/www.tabula.pt\/site\/wp-content\/uploads\/2021\/09\/julie-round-e1631194088647-271x300.jpeg 271w, https:\/\/www.tabula.pt\/site\/wp-content\/uploads\/2021\/09\/julie-round-e1631194088647-768x850.jpeg 768w\" sizes=\"(max-width: 925px) 100vw, 925px\" \/>\t\t\t\t\t\t\t\t\t\t\t<figcaption class=\"widget-image-caption wp-caption-text\">Note: Due to the colors\u00b4 variation (wood and ceramics) as it is natural elements, the image is representative<\/figcaption>\n\t\t\t\t\t\t\t\t\t\t<\/figure>\n\t\t\t\t\t\t\t\t\t<\/div>\n\t\t\t\t<\/div>\n\t\t\t\t\t<\/div>\n\t\t<\/div>\n\t\t\t\t<div class=\"elementor-column elementor-col-50 elementor-top-column elementor-element elementor-element-2193860\" data-id=\"2193860\" data-element_type=\"column\" data-e-type=\"column\">\n\t\t\t<div class=\"elementor-widget-wrap elementor-element-populated\">\n\t\t\t\t\t\t<div class=\"elementor-element elementor-element-ca3b969 elementor-widget elementor-widget-text-editor\" data-id=\"ca3b969\" data-element_type=\"widget\" data-e-type=\"widget\" data-widget_type=\"text-editor.default\">\n\t\t\t\t<div class=\"elementor-widget-container\">\n\t\t\t\t\t\t\t\t\t<p>Extendable table with legs in metal and top in wood.<\/p>\n<p><b>Finishes:<\/b><\/p>\n<p>Oak, Rustic oak, Walnut, Matt lacquered.&nbsp; &nbsp; &nbsp; &nbsp; &nbsp; &nbsp; &nbsp; &nbsp; &nbsp; &nbsp; &nbsp;&nbsp;<\/p>\n<p>* Other finishes availbale \u2013 under request<\/p>\n<p>** Ceramic top available &#8211; under request<\/p>\n<p><b>Mesures:<\/b><\/p>\n<p>\u00d81300 mm (+500)<\/p>\t\t\t\t\t\t\t\t<\/div>\n\t\t\t\t<\/div>\n\t\t\t\t\t<\/div>\n\t\t<\/div>\n\t\t\t\t\t<\/div>\n\t\t<\/section>\n\t\t\t\t<\/div>\n\t\t","protected":false},"excerpt":{"rendered":"<p>Note: Due to the colors\u00b4 variation (wood and ceramics) as it is natural elements, the image is representative Extendable table with legs in metal and top in wood. Finishes: Oak, Rustic oak, Walnut, Matt lacquered.&nbsp; &nbsp; &nbsp; &nbsp; &nbsp; &nbsp; &nbsp; &nbsp; &nbsp; &nbsp; &nbsp;&nbsp; * Other finishes availbale \u2013 under request ** Ceramic top &#8230; <a title=\"Ronde Table\" class=\"read-more\" href=\"https:\/\/www.tabula.pt\/site\/ronde-table\/\" aria-label=\"Leia mais sobre Ronde Table\">Ler mais<\/a><\/p>\n","protected":false},"author":1,"featured_media":0,"parent":0,"menu_order":0,"comment_status":"closed","ping_status":"closed","template":"","meta":{"_monsterinsights_skip_tracking":false,"_monsterinsights_sitenote_active":false,"_monsterinsights_sitenote_note":"","_monsterinsights_sitenote_category":0,"footnotes":""},"class_list":["post-2138","page","type-page","status-publish"],"yoast_head":"<!-- This site is optimized with the Yoast SEO plugin v27.1.1 - https:\/\/yoast.com\/product\/yoast-seo-wordpress\/ -->\n<title>Ronde Table - T\u00e1bula furniture<\/title>\n<meta name=\"robots\" content=\"index, follow, max-snippet:-1, max-image-preview:large, max-video-preview:-1\" \/>\n<link rel=\"canonical\" href=\"https:\/\/www.tabula.pt\/site\/ronde-table\/\" \/>\n<meta property=\"og:locale\" content=\"pt_PT\" \/>\n<meta property=\"og:type\" content=\"article\" \/>\n<meta property=\"og:title\" content=\"Ronde Table - T\u00e1bula furniture\" \/>\n<meta property=\"og:description\" content=\"Note: Due to the colors\u00b4 variation (wood and ceramics) as it is natural elements, the image is representative Extendable table with legs in metal and top in wood. Finishes: Oak, Rustic oak, Walnut, Matt lacquered.&nbsp; &nbsp; &nbsp; &nbsp; &nbsp; &nbsp; &nbsp; &nbsp; &nbsp; &nbsp; &nbsp;&nbsp; * Other finishes availbale \u2013 under request ** Ceramic top ... Ler mais\" \/>\n<meta property=\"og:url\" content=\"https:\/\/www.tabula.pt\/site\/ronde-table\/\" \/>\n<meta property=\"og:site_name\" content=\"T\u00e1bula furniture\" \/>\n<meta property=\"article:publisher\" content=\"https:\/\/www.facebook.com\/tabula.pt\/\" \/>\n<meta property=\"article:modified_time\" content=\"2022-03-28T11:07:39+00:00\" \/>\n<meta property=\"og:image\" content=\"https:\/\/www.tabula.pt\/site\/wp-content\/uploads\/2021\/09\/julie-round-e1631194088647-925x1024.jpeg\" \/>\n<meta name=\"twitter:card\" content=\"summary_large_image\" \/>\n<script type=\"application\/ld+json\" class=\"yoast-schema-graph\">{\"@context\":\"https:\/\/schema.org\",\"@graph\":[{\"@type\":\"WebPage\",\"@id\":\"https:\/\/www.tabula.pt\/site\/ronde-table\/\",\"url\":\"https:\/\/www.tabula.pt\/site\/ronde-table\/\",\"name\":\"Ronde Table - T\u00e1bula furniture\",\"isPartOf\":{\"@id\":\"https:\/\/www.tabula.pt\/site\/#website\"},\"primaryImageOfPage\":{\"@id\":\"https:\/\/www.tabula.pt\/site\/ronde-table\/#primaryimage\"},\"image\":{\"@id\":\"https:\/\/www.tabula.pt\/site\/ronde-table\/#primaryimage\"},\"thumbnailUrl\":\"https:\/\/www.tabula.pt\/site\/wp-content\/uploads\/2021\/09\/julie-round-e1631194088647-925x1024.jpeg\",\"datePublished\":\"2021-09-15T14:20:08+00:00\",\"dateModified\":\"2022-03-28T11:07:39+00:00\",\"breadcrumb\":{\"@id\":\"https:\/\/www.tabula.pt\/site\/ronde-table\/#breadcrumb\"},\"inLanguage\":\"pt-PT\",\"potentialAction\":[{\"@type\":\"ReadAction\",\"target\":[\"https:\/\/www.tabula.pt\/site\/ronde-table\/\"]}]},{\"@type\":\"ImageObject\",\"inLanguage\":\"pt-PT\",\"@id\":\"https:\/\/www.tabula.pt\/site\/ronde-table\/#primaryimage\",\"url\":\"https:\/\/www.tabula.pt\/site\/wp-content\/uploads\/2021\/09\/julie-round-e1631194088647-925x1024.jpeg\",\"contentUrl\":\"https:\/\/www.tabula.pt\/site\/wp-content\/uploads\/2021\/09\/julie-round-e1631194088647-925x1024.jpeg\"},{\"@type\":\"BreadcrumbList\",\"@id\":\"https:\/\/www.tabula.pt\/site\/ronde-table\/#breadcrumb\",\"itemListElement\":[{\"@type\":\"ListItem\",\"position\":1,\"name\":\"In\u00edcio\",\"item\":\"https:\/\/www.tabula.pt\/site\/\"},{\"@type\":\"ListItem\",\"position\":2,\"name\":\"Ronde Table\"}]},{\"@type\":\"WebSite\",\"@id\":\"https:\/\/www.tabula.pt\/site\/#website\",\"url\":\"https:\/\/www.tabula.pt\/site\/\",\"name\":\"T\u00e1bula furniture\",\"description\":\"Mobili\u00e1rio e projetos \u00e0 medida\",\"publisher\":{\"@id\":\"https:\/\/www.tabula.pt\/site\/#organization\"},\"potentialAction\":[{\"@type\":\"SearchAction\",\"target\":{\"@type\":\"EntryPoint\",\"urlTemplate\":\"https:\/\/www.tabula.pt\/site\/?s={search_term_string}\"},\"query-input\":{\"@type\":\"PropertyValueSpecification\",\"valueRequired\":true,\"valueName\":\"search_term_string\"}}],\"inLanguage\":\"pt-PT\"},{\"@type\":\"Organization\",\"@id\":\"https:\/\/www.tabula.pt\/site\/#organization\",\"name\":\"T\u00e1bula\",\"url\":\"https:\/\/www.tabula.pt\/site\/\",\"logo\":{\"@type\":\"ImageObject\",\"inLanguage\":\"pt-PT\",\"@id\":\"https:\/\/www.tabula.pt\/site\/#\/schema\/logo\/image\/\",\"url\":\"https:\/\/www.tabula.pt\/site\/wp-content\/uploads\/2019\/12\/t\u00e1bula-logo_peq_fb-e1576075812445.png\",\"contentUrl\":\"https:\/\/www.tabula.pt\/site\/wp-content\/uploads\/2019\/12\/t\u00e1bula-logo_peq_fb-e1576075812445.png\",\"width\":100,\"height\":73,\"caption\":\"T\u00e1bula\"},\"image\":{\"@id\":\"https:\/\/www.tabula.pt\/site\/#\/schema\/logo\/image\/\"},\"sameAs\":[\"https:\/\/www.facebook.com\/tabula.pt\/\",\"https:\/\/www.instagram.com\/tabula_furniture\/\"]}]}<\/script>\n<!-- \/ Yoast SEO plugin. -->","yoast_head_json":{"title":"Ronde Table - T\u00e1bula furniture","robots":{"index":"index","follow":"follow","max-snippet":"max-snippet:-1","max-image-preview":"max-image-preview:large","max-video-preview":"max-video-preview:-1"},"canonical":"https:\/\/www.tabula.pt\/site\/ronde-table\/","og_locale":"pt_PT","og_type":"article","og_title":"Ronde Table - T\u00e1bula furniture","og_description":"Note: Due to the colors\u00b4 variation (wood and ceramics) as it is natural elements, the image is representative Extendable table with legs in metal and top in wood. Finishes: Oak, Rustic oak, Walnut, Matt lacquered.&nbsp; &nbsp; &nbsp; &nbsp; &nbsp; &nbsp; &nbsp; &nbsp; &nbsp; &nbsp; &nbsp;&nbsp; * Other finishes availbale \u2013 under request ** Ceramic top ... Ler mais","og_url":"https:\/\/www.tabula.pt\/site\/ronde-table\/","og_site_name":"T\u00e1bula furniture","article_publisher":"https:\/\/www.facebook.com\/tabula.pt\/","article_modified_time":"2022-03-28T11:07:39+00:00","og_image":[{"url":"https:\/\/www.tabula.pt\/site\/wp-content\/uploads\/2021\/09\/julie-round-e1631194088647-925x1024.jpeg","type":"","width":"","height":""}],"twitter_card":"summary_large_image","schema":{"@context":"https:\/\/schema.org","@graph":[{"@type":"WebPage","@id":"https:\/\/www.tabula.pt\/site\/ronde-table\/","url":"https:\/\/www.tabula.pt\/site\/ronde-table\/","name":"Ronde Table - T\u00e1bula furniture","isPartOf":{"@id":"https:\/\/www.tabula.pt\/site\/#website"},"primaryImageOfPage":{"@id":"https:\/\/www.tabula.pt\/site\/ronde-table\/#primaryimage"},"image":{"@id":"https:\/\/www.tabula.pt\/site\/ronde-table\/#primaryimage"},"thumbnailUrl":"https:\/\/www.tabula.pt\/site\/wp-content\/uploads\/2021\/09\/julie-round-e1631194088647-925x1024.jpeg","datePublished":"2021-09-15T14:20:08+00:00","dateModified":"2022-03-28T11:07:39+00:00","breadcrumb":{"@id":"https:\/\/www.tabula.pt\/site\/ronde-table\/#breadcrumb"},"inLanguage":"pt-PT","potentialAction":[{"@type":"ReadAction","target":["https:\/\/www.tabula.pt\/site\/ronde-table\/"]}]},{"@type":"ImageObject","inLanguage":"pt-PT","@id":"https:\/\/www.tabula.pt\/site\/ronde-table\/#primaryimage","url":"https:\/\/www.tabula.pt\/site\/wp-content\/uploads\/2021\/09\/julie-round-e1631194088647-925x1024.jpeg","contentUrl":"https:\/\/www.tabula.pt\/site\/wp-content\/uploads\/2021\/09\/julie-round-e1631194088647-925x1024.jpeg"},{"@type":"BreadcrumbList","@id":"https:\/\/www.tabula.pt\/site\/ronde-table\/#breadcrumb","itemListElement":[{"@type":"ListItem","position":1,"name":"In\u00edcio","item":"https:\/\/www.tabula.pt\/site\/"},{"@type":"ListItem","position":2,"name":"Ronde Table"}]},{"@type":"WebSite","@id":"https:\/\/www.tabula.pt\/site\/#website","url":"https:\/\/www.tabula.pt\/site\/","name":"T\u00e1bula furniture","description":"Mobili\u00e1rio e projetos \u00e0 medida","publisher":{"@id":"https:\/\/www.tabula.pt\/site\/#organization"},"potentialAction":[{"@type":"SearchAction","target":{"@type":"EntryPoint","urlTemplate":"https:\/\/www.tabula.pt\/site\/?s={search_term_string}"},"query-input":{"@type":"PropertyValueSpecification","valueRequired":true,"valueName":"search_term_string"}}],"inLanguage":"pt-PT"},{"@type":"Organization","@id":"https:\/\/www.tabula.pt\/site\/#organization","name":"T\u00e1bula","url":"https:\/\/www.tabula.pt\/site\/","logo":{"@type":"ImageObject","inLanguage":"pt-PT","@id":"https:\/\/www.tabula.pt\/site\/#\/schema\/logo\/image\/","url":"https:\/\/www.tabula.pt\/site\/wp-content\/uploads\/2019\/12\/t\u00e1bula-logo_peq_fb-e1576075812445.png","contentUrl":"https:\/\/www.tabula.pt\/site\/wp-content\/uploads\/2019\/12\/t\u00e1bula-logo_peq_fb-e1576075812445.png","width":100,"height":73,"caption":"T\u00e1bula"},"image":{"@id":"https:\/\/www.tabula.pt\/site\/#\/schema\/logo\/image\/"},"sameAs":["https:\/\/www.facebook.com\/tabula.pt\/","https:\/\/www.instagram.com\/tabula_furniture\/"]}]}},"_links":{"self":[{"href":"https:\/\/www.tabula.pt\/site\/wp-json\/wp\/v2\/pages\/2138","targetHints":{"allow":["GET"]}}],"collection":[{"href":"https:\/\/www.tabula.pt\/site\/wp-json\/wp\/v2\/pages"}],"about":[{"href":"https:\/\/www.tabula.pt\/site\/wp-json\/wp\/v2\/types\/page"}],"author":[{"embeddable":true,"href":"https:\/\/www.tabula.pt\/site\/wp-json\/wp\/v2\/users\/1"}],"replies":[{"embeddable":true,"href":"https:\/\/www.tabula.pt\/site\/wp-json\/wp\/v2\/comments?post=2138"}],"version-history":[{"count":6,"href":"https:\/\/www.tabula.pt\/site\/wp-json\/wp\/v2\/pages\/2138\/revisions"}],"predecessor-version":[{"id":2338,"href":"https:\/\/www.tabula.pt\/site\/wp-json\/wp\/v2\/pages\/2138\/revisions\/2338"}],"wp:attachment":[{"href":"https:\/\/www.tabula.pt\/site\/wp-json\/wp\/v2\/media?parent=2138"}],"curies":[{"name":"wp","href":"https:\/\/api.w.org\/{rel}","templated":true}]}}